{"id":4094,"date":"2023-07-11T15:16:41","date_gmt":"2023-07-11T15:16:41","guid":{"rendered":"http:\/\/172.26.0.178\/orthoapnea\/professionelle-faq\/"},"modified":"2023-11-16T12:28:40","modified_gmt":"2023-11-16T12:28:40","slug":"professionelle-faq","status":"publish","type":"page","link":"https:\/\/www.orthoapnea.com\/de\/professionelle-faq\/","title":{"rendered":"Professionelle FAQ"},"content":{"rendered":"\t\t<div data-elementor-type=\"wp-page\" data-elementor-id=\"4094\" class=\"elementor elementor-4094 elementor-2221\" data-elementor-post-type=\"page\">\n\t\t\t\t\t\t<section class=\"elementor-section elementor-top-section elementor-element elementor-element-e88be02 elementor-section-boxed elementor-section-height-default elementor-section-height-default\" data-id=\"e88be02\" data-element_type=\"section\" data-e-type=\"section\">\n\t\t\t\t\t\t<div class=\"elementor-container elementor-column-gap-default\">\n\t\t\t\t\t<div class=\"elementor-column elementor-col-100 elementor-top-column elementor-element elementor-element-068295f\" data-id=\"068295f\" data-element_type=\"column\" data-e-type=\"column\">\n\t\t\t<div class=\"elementor-widget-wrap elementor-element-populated\">\n\t\t\t\t\t\t<div class=\"elementor-element elementor-element-33f630e elementor-widget-divider--view-line elementor-widget elementor-widget-divider\" data-id=\"33f630e\" data-element_type=\"widget\" data-e-type=\"widget\" data-widget_type=\"divider.default\">\n\t\t\t\t<div class=\"elementor-widget-container\">\n\t\t\t\t\t\t\t<div class=\"elementor-divider\">\n\t\t\t<span class=\"elementor-divider-separator\">\n\t\t\t\t\t\t<\/span>\n\t\t<\/div>\n\t\t\t\t\t\t<\/div>\n\t\t\t\t<\/div>\n\t\t\t\t\t<\/div>\n\t\t<\/div>\n\t\t\t\t\t<\/div>\n\t\t<\/section>\n\t\t\t\t<section class=\"elementor-section elementor-top-section elementor-element elementor-element-7b3f0c4 elementor-section-height-min-height elementor-section-items-stretch elementor-section-content-top elementor-reverse-mobile elementor-reverse-tablet elementor-section-boxed elementor-section-height-default\" data-id=\"7b3f0c4\" data-element_type=\"section\" data-e-type=\"section\">\n\t\t\t\t\t\t<div class=\"elementor-container elementor-column-gap-no\">\n\t\t\t\t\t<div class=\"elementor-column elementor-col-50 elementor-top-column elementor-element elementor-element-77768ecd\" data-id=\"77768ecd\" data-element_type=\"column\" data-e-type=\"column\">\n\t\t\t<div class=\"elementor-widget-wrap elementor-element-populated\">\n\t\t\t\t\t\t<div class=\"elementor-element elementor-element-7082a5c animated-fast elementor-invisible elementor-widget elementor-widget-heading\" data-id=\"7082a5c\" data-element_type=\"widget\" data-e-type=\"widget\" data-settings=\"{&quot;_animation&quot;:&quot;fadeIn&quot;}\" data-widget_type=\"heading.default\">\n\t\t\t\t<div class=\"elementor-widget-container\">\n\t\t\t\t\t<h1 class=\"elementor-heading-title elementor-size-default\">H\u00e4ufig gestellte Fragen<\/h1>\t\t\t\t<\/div>\n\t\t\t\t<\/div>\n\t\t\t\t\t<\/div>\n\t\t<\/div>\n\t\t\t\t<div class=\"elementor-column elementor-col-50 elementor-top-column elementor-element elementor-element-7b6f2bd\" data-id=\"7b6f2bd\" data-element_type=\"column\" data-e-type=\"column\">\n\t\t\t<div class=\"elementor-widget-wrap\">\n\t\t\t\t\t\t\t<\/div>\n\t\t<\/div>\n\t\t\t\t\t<\/div>\n\t\t<\/section>\n\t\t\t\t<section class=\"elementor-section elementor-top-section elementor-element elementor-element-ad91dc3 elementor-section-boxed elementor-section-height-default elementor-section-height-default\" data-id=\"ad91dc3\" data-element_type=\"section\" data-e-type=\"section\">\n\t\t\t\t\t\t<div class=\"elementor-container elementor-column-gap-default\">\n\t\t\t\t\t<div class=\"elementor-column elementor-col-33 elementor-top-column elementor-element elementor-element-8fe9791\" data-id=\"8fe9791\" data-element_type=\"column\" data-e-type=\"column\">\n\t\t\t<div class=\"elementor-widget-wrap elementor-element-populated\">\n\t\t\t\t\t\t<div class=\"elementor-element elementor-element-23a5f37 animated-fast elementor-invisible elementor-widget elementor-widget-heading\" data-id=\"23a5f37\" data-element_type=\"widget\" data-e-type=\"widget\" data-settings=\"{&quot;_animation&quot;:&quot;fadeIn&quot;}\" data-widget_type=\"heading.default\">\n\t\t\t\t<div class=\"elementor-widget-container\">\n\t\t\t\t\t<h1 class=\"elementor-heading-title elementor-size-default\">Doktor<\/h1>\t\t\t\t<\/div>\n\t\t\t\t<\/div>\n\t\t\t\t\t<\/div>\n\t\t<\/div>\n\t\t\t\t<div class=\"elementor-column elementor-col-66 elementor-top-column elementor-element elementor-element-cd2d36b\" data-id=\"cd2d36b\" data-element_type=\"column\" data-e-type=\"column\">\n\t\t\t<div class=\"elementor-widget-wrap elementor-element-populated\">\n\t\t\t\t\t\t<div class=\"elementor-element elementor-element-7a52647 elementor-widget elementor-widget-toggle\" data-id=\"7a52647\" data-element_type=\"widget\" data-e-type=\"widget\" data-widget_type=\"toggle.default\">\n\t\t\t\t<div class=\"elementor-widget-container\">\n\t\t\t\t\t\t\t<div class=\"elementor-toggle\">\n\t\t\t\t\t\t\t<div class=\"elementor-toggle-item\">\n\t\t\t\t\t<div id=\"elementor-tab-title-1281\" class=\"elementor-tab-title\" data-tab=\"1\" role=\"button\" aria-controls=\"elementor-tab-content-1281\" aria-expanded=\"false\">\n\t\t\t\t\t\t\t\t\t\t\t\t<span class=\"elementor-toggle-icon elementor-toggle-icon-left\" aria-hidden=\"true\">\n\t\t\t\t\t\t\t\t\t\t\t\t\t\t\t<span class=\"elementor-toggle-icon-closed\"><i class=\"fas fa-caret-right\"><\/i><\/span>\n\t\t\t\t\t\t\t\t<span class=\"elementor-toggle-icon-opened\"><i class=\"elementor-toggle-icon-opened fas fa-caret-up\"><\/i><\/span>\n\t\t\t\t\t\t\t\t\t\t\t\t\t<\/span>\n\t\t\t\t\t\t\t\t\t\t\t\t<a class=\"elementor-toggle-title\" tabindex=\"0\">Wie funktioniert das OrthoApnea-Ger\u00e4t zur Behandlung von Schlafapnoe?<\/a>\n\t\t\t\t\t<\/div>\n\n\t\t\t\t\t<div id=\"elementor-tab-content-1281\" class=\"elementor-tab-content elementor-clearfix\" data-tab=\"1\" role=\"region\" aria-labelledby=\"elementor-tab-title-1281\"><p>Das OrthoApnea-Ger\u00e4t bewegt den Kiefer nach vorne, was dazu beitr\u00e4gt, die oberen Atemwege w\u00e4hrend des Schlafs offen zu halten. Durch das Vorschieben des Kiefers wird verhindert, dass die Zunge und die Weichteile kollabieren, was den Luftstrom verbessert und Episoden der Atemwegsobstruktion reduziert.<\/p>\n<\/div>\n\t\t\t\t<\/div>\n\t\t\t\t\t\t\t<div class=\"elementor-toggle-item\">\n\t\t\t\t\t<div id=\"elementor-tab-title-1282\" class=\"elementor-tab-title\" data-tab=\"2\" role=\"button\" aria-controls=\"elementor-tab-content-1282\" aria-expanded=\"false\">\n\t\t\t\t\t\t\t\t\t\t\t\t<span class=\"elementor-toggle-icon elementor-toggle-icon-left\" aria-hidden=\"true\">\n\t\t\t\t\t\t\t\t\t\t\t\t\t\t\t<span class=\"elementor-toggle-icon-closed\"><i class=\"fas fa-caret-right\"><\/i><\/span>\n\t\t\t\t\t\t\t\t<span class=\"elementor-toggle-icon-opened\"><i class=\"elementor-toggle-icon-opened fas fa-caret-up\"><\/i><\/span>\n\t\t\t\t\t\t\t\t\t\t\t\t\t<\/span>\n\t\t\t\t\t\t\t\t\t\t\t\t<a class=\"elementor-toggle-title\" tabindex=\"0\">Was ist der Unterschied zwischen OrthoApnea und anderen auf dem Markt erh\u00e4ltlichen Kieferorthop\u00e4dieger\u00e4ten?<\/a>\n\t\t\t\t\t<\/div>\n\n\t\t\t\t\t<div id=\"elementor-tab-content-1282\" class=\"elementor-tab-content elementor-clearfix\" data-tab=\"2\" role=\"region\" aria-labelledby=\"elementor-tab-title-1282\"><p>OrthoApnea zeichnet sich durch sein individuelles Design und seine pr\u00e4zise Passform f\u00fcr jeden Patienten aus. Es wird aus hochwertigen Materialien und mit fortschrittlicher Technologie hergestellt. Dar\u00fcber hinaus erm\u00f6glicht das Design eine laterale und vertikale \u00d6ffnung des Mundes, was den Komfort f\u00fcr den Patienten erh\u00f6ht.<\/p>\n<\/div>\n\t\t\t\t<\/div>\n\t\t\t\t\t\t\t<div class=\"elementor-toggle-item\">\n\t\t\t\t\t<div id=\"elementor-tab-title-1283\" class=\"elementor-tab-title\" data-tab=\"3\" role=\"button\" aria-controls=\"elementor-tab-content-1283\" aria-expanded=\"false\">\n\t\t\t\t\t\t\t\t\t\t\t\t<span class=\"elementor-toggle-icon elementor-toggle-icon-left\" aria-hidden=\"true\">\n\t\t\t\t\t\t\t\t\t\t\t\t\t\t\t<span class=\"elementor-toggle-icon-closed\"><i class=\"fas fa-caret-right\"><\/i><\/span>\n\t\t\t\t\t\t\t\t<span class=\"elementor-toggle-icon-opened\"><i class=\"elementor-toggle-icon-opened fas fa-caret-up\"><\/i><\/span>\n\t\t\t\t\t\t\t\t\t\t\t\t\t<\/span>\n\t\t\t\t\t\t\t\t\t\t\t\t<a class=\"elementor-toggle-title\" tabindex=\"0\">Was sind die Vorteile des OrthoApnea-Ger\u00e4ts im Vergleich zu anderen Behandlungsm\u00f6glichkeiten f\u00fcr Schlafapnoe?<\/a>\n\t\t\t\t\t<\/div>\n\n\t\t\t\t\t<div id=\"elementor-tab-content-1283\" class=\"elementor-tab-content elementor-clearfix\" data-tab=\"3\" role=\"region\" aria-labelledby=\"elementor-tab-title-1283\"><p>Zu den Vorteilen des OrthoApnea-Ger\u00e4ts geh\u00f6ren die Wirksamkeit bei der Behandlung von leichter bis mittelschwerer Schlafapnoe, der Komfort f\u00fcr den Patienten w\u00e4hrend des Schlafs, die individuelle Anpassung des Ger\u00e4ts und die M\u00f6glichkeit der Feinabstimmung auf individuelle Bed\u00fcrfnisse.<\/p>\n<\/div>\n\t\t\t\t<\/div>\n\t\t\t\t\t\t\t<div class=\"elementor-toggle-item\">\n\t\t\t\t\t<div id=\"elementor-tab-title-1284\" class=\"elementor-tab-title\" data-tab=\"4\" role=\"button\" aria-controls=\"elementor-tab-content-1284\" aria-expanded=\"false\">\n\t\t\t\t\t\t\t\t\t\t\t\t<span class=\"elementor-toggle-icon elementor-toggle-icon-left\" aria-hidden=\"true\">\n\t\t\t\t\t\t\t\t\t\t\t\t\t\t\t<span class=\"elementor-toggle-icon-closed\"><i class=\"fas fa-caret-right\"><\/i><\/span>\n\t\t\t\t\t\t\t\t<span class=\"elementor-toggle-icon-opened\"><i class=\"elementor-toggle-icon-opened fas fa-caret-up\"><\/i><\/span>\n\t\t\t\t\t\t\t\t\t\t\t\t\t<\/span>\n\t\t\t\t\t\t\t\t\t\t\t\t<a class=\"elementor-toggle-title\" tabindex=\"0\">Welches sind die Kriterien f\u00fcr die Auswahl geeigneter Patienten f\u00fcr die Verwendung des OrthoApnea-Ger\u00e4ts?<\/a>\n\t\t\t\t\t<\/div>\n\n\t\t\t\t\t<div id=\"elementor-tab-content-1284\" class=\"elementor-tab-content elementor-clearfix\" data-tab=\"4\" role=\"region\" aria-labelledby=\"elementor-tab-title-1284\"><p>Die Kriterien f\u00fcr die Auswahl geeigneter Patienten f\u00fcr die Verwendung des OrthoApnea-Ger\u00e4ts k\u00f6nnen je nach Einsch\u00e4tzung des Zahnarztes und der medizinischen Diagnose variieren. Sie wird jedoch im Allgemeinen f\u00fcr Patienten mit leichter bis mittelschwerer Schlafapnoe empfohlen, die keine schweren Kiefergelenksprobleme haben.<\/p>\n<\/div>\n\t\t\t\t<\/div>\n\t\t\t\t\t\t\t<div class=\"elementor-toggle-item\">\n\t\t\t\t\t<div id=\"elementor-tab-title-1285\" class=\"elementor-tab-title\" data-tab=\"5\" role=\"button\" aria-controls=\"elementor-tab-content-1285\" aria-expanded=\"false\">\n\t\t\t\t\t\t\t\t\t\t\t\t<span class=\"elementor-toggle-icon elementor-toggle-icon-left\" aria-hidden=\"true\">\n\t\t\t\t\t\t\t\t\t\t\t\t\t\t\t<span class=\"elementor-toggle-icon-closed\"><i class=\"fas fa-caret-right\"><\/i><\/span>\n\t\t\t\t\t\t\t\t<span class=\"elementor-toggle-icon-opened\"><i class=\"elementor-toggle-icon-opened fas fa-caret-up\"><\/i><\/span>\n\t\t\t\t\t\t\t\t\t\t\t\t\t<\/span>\n\t\t\t\t\t\t\t\t\t\t\t\t<a class=\"elementor-toggle-title\" tabindex=\"0\">Wie wird das OrthoApnea-Ger\u00e4t f\u00fcr einen bestimmten Patienten angepasst und individuell gestaltet?<\/a>\n\t\t\t\t\t<\/div>\n\n\t\t\t\t\t<div id=\"elementor-tab-content-1285\" class=\"elementor-tab-content elementor-clearfix\" data-tab=\"5\" role=\"region\" aria-labelledby=\"elementor-tab-title-1285\"><p>Der Prozess der Anpassung und individuellen Gestaltung der OrthoApnea-Vorrichtung beginnt mit einer Beurteilung und der Aufnahme von Abdr\u00fccken des Mundes des Patienten. Diese Abdr\u00fccke werden verwendet, um ein ma\u00dfgeschneidertes Ger\u00e4t herzustellen, das dem Mund des Patienten und seinen individuellen Bed\u00fcrfnissen entspricht.<\/p>\n<\/div>\n\t\t\t\t<\/div>\n\t\t\t\t\t\t\t<div class=\"elementor-toggle-item\">\n\t\t\t\t\t<div id=\"elementor-tab-title-1286\" class=\"elementor-tab-title\" data-tab=\"6\" role=\"button\" aria-controls=\"elementor-tab-content-1286\" aria-expanded=\"false\">\n\t\t\t\t\t\t\t\t\t\t\t\t<span class=\"elementor-toggle-icon elementor-toggle-icon-left\" aria-hidden=\"true\">\n\t\t\t\t\t\t\t\t\t\t\t\t\t\t\t<span class=\"elementor-toggle-icon-closed\"><i class=\"fas fa-caret-right\"><\/i><\/span>\n\t\t\t\t\t\t\t\t<span class=\"elementor-toggle-icon-opened\"><i class=\"elementor-toggle-icon-opened fas fa-caret-up\"><\/i><\/span>\n\t\t\t\t\t\t\t\t\t\t\t\t\t<\/span>\n\t\t\t\t\t\t\t\t\t\t\t\t<a class=\"elementor-toggle-title\" tabindex=\"0\">Welche Nebenwirkungen k\u00f6nnen bei Patienten auftreten, die das OrthoApnea-Ger\u00e4t verwenden?<\/a>\n\t\t\t\t\t<\/div>\n\n\t\t\t\t\t<div id=\"elementor-tab-content-1286\" class=\"elementor-tab-content elementor-clearfix\" data-tab=\"6\" role=\"region\" aria-labelledby=\"elementor-tab-title-1286\"><p>Zu den h\u00e4ufigen Nebenwirkungen, die bei der Verwendung des OrthoApnea-Ger\u00e4ts auftreten k\u00f6nnen, geh\u00f6ren leichtes Unbehagen oder Schmerzen in den Kiefermuskeln und Z\u00e4hnen, \u00fcberm\u00e4\u00dfiger Speichelfluss und Zahnempfindlichkeit. Diese Nebenwirkungen sind in der Regel vor\u00fcbergehend und verschwinden, sobald sich der Patient an das Ger\u00e4t gew\u00f6hnt hat.<\/p>\n<\/div>\n\t\t\t\t<\/div>\n\t\t\t\t\t\t\t<div class=\"elementor-toggle-item\">\n\t\t\t\t\t<div id=\"elementor-tab-title-1287\" class=\"elementor-tab-title\" data-tab=\"7\" role=\"button\" aria-controls=\"elementor-tab-content-1287\" aria-expanded=\"false\">\n\t\t\t\t\t\t\t\t\t\t\t\t<span class=\"elementor-toggle-icon elementor-toggle-icon-left\" aria-hidden=\"true\">\n\t\t\t\t\t\t\t\t\t\t\t\t\t\t\t<span class=\"elementor-toggle-icon-closed\"><i class=\"fas fa-caret-right\"><\/i><\/span>\n\t\t\t\t\t\t\t\t<span class=\"elementor-toggle-icon-opened\"><i class=\"elementor-toggle-icon-opened fas fa-caret-up\"><\/i><\/span>\n\t\t\t\t\t\t\t\t\t\t\t\t\t<\/span>\n\t\t\t\t\t\t\t\t\t\t\t\t<a class=\"elementor-toggle-title\" tabindex=\"0\">Wie lange dauert es, sich an das OrthoApnea-Ger\u00e4t zu gew\u00f6hnen?<\/a>\n\t\t\t\t\t<\/div>\n\n\t\t\t\t\t<div id=\"elementor-tab-content-1287\" class=\"elementor-tab-content elementor-clearfix\" data-tab=\"7\" role=\"region\" aria-labelledby=\"elementor-tab-title-1287\"><p>Die Gew\u00f6hnungszeit an das OrthoApnea-Ger\u00e4t kann von Patient zu Patient unterschiedlich sein. Manche Menschen passen sich innerhalb weniger Tage an, w\u00e4hrend andere mehrere Wochen brauchen. Um den Anpassungsprozess zu erleichtern, ist es wichtig, die Anweisungen des Zahnarztes zu befolgen und das Ger\u00e4t konsequent zu benutzen.<\/p>\n<\/div>\n\t\t\t\t<\/div>\n\t\t\t\t\t\t\t<div class=\"elementor-toggle-item\">\n\t\t\t\t\t<div id=\"elementor-tab-title-1288\" class=\"elementor-tab-title\" data-tab=\"8\" role=\"button\" aria-controls=\"elementor-tab-content-1288\" aria-expanded=\"false\">\n\t\t\t\t\t\t\t\t\t\t\t\t<span class=\"elementor-toggle-icon elementor-toggle-icon-left\" aria-hidden=\"true\">\n\t\t\t\t\t\t\t\t\t\t\t\t\t\t\t<span class=\"elementor-toggle-icon-closed\"><i class=\"fas fa-caret-right\"><\/i><\/span>\n\t\t\t\t\t\t\t\t<span class=\"elementor-toggle-icon-opened\"><i class=\"elementor-toggle-icon-opened fas fa-caret-up\"><\/i><\/span>\n\t\t\t\t\t\t\t\t\t\t\t\t\t<\/span>\n\t\t\t\t\t\t\t\t\t\t\t\t<a class=\"elementor-toggle-title\" tabindex=\"0\">Ist eine regelm\u00e4\u00dfige \u00dcberwachung oder Anpassung erforderlich, nachdem der Patient mit der Verwendung des Ger\u00e4ts begonnen hat?<\/a>\n\t\t\t\t\t<\/div>\n\n\t\t\t\t\t<div id=\"elementor-tab-content-1288\" class=\"elementor-tab-content elementor-clearfix\" data-tab=\"8\" role=\"region\" aria-labelledby=\"elementor-tab-title-1288\"><p>Ja, in der Regel ist eine regelm\u00e4\u00dfige \u00dcberwachung und Anpassung erforderlich, nachdem der Patient mit der Verwendung des OrthoApnea-Ger\u00e4ts begonnen hat. Auf diese Weise kann der Zahnarzt die Wirksamkeit der Behandlung beurteilen, eventuell auftretende Probleme oder Unannehmlichkeiten ansprechen und alle notwendigen Anpassungen vornehmen, um den Komfort und das Ergebnis f\u00fcr den Patienten zu verbessern.<\/p>\n<\/div>\n\t\t\t\t<\/div>\n\t\t\t\t\t\t\t<div class=\"elementor-toggle-item\">\n\t\t\t\t\t<div id=\"elementor-tab-title-1289\" class=\"elementor-tab-title\" data-tab=\"9\" role=\"button\" aria-controls=\"elementor-tab-content-1289\" aria-expanded=\"false\">\n\t\t\t\t\t\t\t\t\t\t\t\t<span class=\"elementor-toggle-icon elementor-toggle-icon-left\" aria-hidden=\"true\">\n\t\t\t\t\t\t\t\t\t\t\t\t\t\t\t<span class=\"elementor-toggle-icon-closed\"><i class=\"fas fa-caret-right\"><\/i><\/span>\n\t\t\t\t\t\t\t\t<span class=\"elementor-toggle-icon-opened\"><i class=\"elementor-toggle-icon-opened fas fa-caret-up\"><\/i><\/span>\n\t\t\t\t\t\t\t\t\t\t\t\t\t<\/span>\n\t\t\t\t\t\t\t\t\t\t\t\t<a class=\"elementor-toggle-title\" tabindex=\"0\">Gibt es Kontraindikationen f\u00fcr die Verwendung des OrthoApnea-Ger\u00e4ts bei bestimmten Patienten?<\/a>\n\t\t\t\t\t<\/div>\n\n\t\t\t\t\t<div id=\"elementor-tab-content-1289\" class=\"elementor-tab-content elementor-clearfix\" data-tab=\"9\" role=\"region\" aria-labelledby=\"elementor-tab-title-1289\"><p>Ja, bei einigen Patienten kann es Kontraindikationen f\u00fcr die Verwendung des OrthoApnea-Ger\u00e4ts geben. Zu den h\u00e4ufigen Kontraindikationen geh\u00f6ren Patienten mit schweren Parodontalerkrankungen, unkontrollierten Kiefergelenksbeschwerden, fehlenden Z\u00e4hnen oder erheblichen Zahnproblemen, die die Platzierung und den Halt des Ger\u00e4ts beeintr\u00e4chtigen k\u00f6nnten. Jeder Fall muss individuell beurteilt werden.<\/p>\n<\/div>\n\t\t\t\t<\/div>\n\t\t\t\t\t\t\t<div class=\"elementor-toggle-item\">\n\t\t\t\t\t<div id=\"elementor-tab-title-12810\" class=\"elementor-tab-title\" data-tab=\"10\" role=\"button\" aria-controls=\"elementor-tab-content-12810\" aria-expanded=\"false\">\n\t\t\t\t\t\t\t\t\t\t\t\t<span class=\"elementor-toggle-icon elementor-toggle-icon-left\" aria-hidden=\"true\">\n\t\t\t\t\t\t\t\t\t\t\t\t\t\t\t<span class=\"elementor-toggle-icon-closed\"><i class=\"fas fa-caret-right\"><\/i><\/span>\n\t\t\t\t\t\t\t\t<span class=\"elementor-toggle-icon-opened\"><i class=\"elementor-toggle-icon-opened fas fa-caret-up\"><\/i><\/span>\n\t\t\t\t\t\t\t\t\t\t\t\t\t<\/span>\n\t\t\t\t\t\t\t\t\t\t\t\t<a class=\"elementor-toggle-title\" tabindex=\"0\">Kann das OrthoApnea-Ger\u00e4t mit anderen Schlafapnoe-Behandlungen kombiniert werden?<\/a>\n\t\t\t\t\t<\/div>\n\n\t\t\t\t\t<div id=\"elementor-tab-content-12810\" class=\"elementor-tab-content elementor-clearfix\" data-tab=\"10\" role=\"region\" aria-labelledby=\"elementor-tab-title-12810\"><p>Ja, in einigen F\u00e4llen kann das OrthoApnea-Ger\u00e4t mit anderen Behandlungen der Schlafapnoe kombiniert werden, z. B. mit \u00c4nderungen des Lebensstils, kontinuierlicher positiver Atemwegsdrucktherapie (CPAP) oder anderen erg\u00e4nzenden Ger\u00e4ten. In schwereren F\u00e4llen oder wenn ein multidisziplin\u00e4rer Ansatz erforderlich ist, k\u00f6nnen Kombinationsbehandlungen empfohlen werden.<\/p>\n<\/div>\n\t\t\t\t<\/div>\n\t\t\t\t\t\t\t<div class=\"elementor-toggle-item\">\n\t\t\t\t\t<div id=\"elementor-tab-title-12811\" class=\"elementor-tab-title\" data-tab=\"11\" role=\"button\" aria-controls=\"elementor-tab-content-12811\" aria-expanded=\"false\">\n\t\t\t\t\t\t\t\t\t\t\t\t<span class=\"elementor-toggle-icon elementor-toggle-icon-left\" aria-hidden=\"true\">\n\t\t\t\t\t\t\t\t\t\t\t\t\t\t\t<span class=\"elementor-toggle-icon-closed\"><i class=\"fas fa-caret-right\"><\/i><\/span>\n\t\t\t\t\t\t\t\t<span class=\"elementor-toggle-icon-opened\"><i class=\"elementor-toggle-icon-opened fas fa-caret-up\"><\/i><\/span>\n\t\t\t\t\t\t\t\t\t\t\t\t\t<\/span>\n\t\t\t\t\t\t\t\t\t\t\t\t<a class=\"elementor-toggle-title\" tabindex=\"0\">Wie wird das OrthoApnea-Ger\u00e4t gereinigt und gewartet?<\/a>\n\t\t\t\t\t<\/div>\n\n\t\t\t\t\t<div id=\"elementor-tab-content-12811\" class=\"elementor-tab-content elementor-clearfix\" data-tab=\"11\" role=\"region\" aria-labelledby=\"elementor-tab-title-12811\"><p>Das OrthoApnea-Ger\u00e4t kann mit einer weichen Zahnb\u00fcrste und nicht scheuernder Zahnpasta gereinigt werden. Es wird auch empfohlen, sie nach jedem Gebrauch mit Wasser abzusp\u00fclen und sie nach dem Gebrauch abzutrocknen. Es ist wichtig, dass Sie die Anweisungen des Herstellers und des Zahnarztes zur ordnungsgem\u00e4\u00dfen Reinigung und Wartung des Ger\u00e4ts befolgen.<\/p>\n<\/div>\n\t\t\t\t<\/div>\n\t\t\t\t\t\t\t<div class=\"elementor-toggle-item\">\n\t\t\t\t\t<div id=\"elementor-tab-title-12812\" class=\"elementor-tab-title\" data-tab=\"12\" role=\"button\" aria-controls=\"elementor-tab-content-12812\" aria-expanded=\"false\">\n\t\t\t\t\t\t\t\t\t\t\t\t<span class=\"elementor-toggle-icon elementor-toggle-icon-left\" aria-hidden=\"true\">\n\t\t\t\t\t\t\t\t\t\t\t\t\t\t\t<span class=\"elementor-toggle-icon-closed\"><i class=\"fas fa-caret-right\"><\/i><\/span>\n\t\t\t\t\t\t\t\t<span class=\"elementor-toggle-icon-opened\"><i class=\"elementor-toggle-icon-opened fas fa-caret-up\"><\/i><\/span>\n\t\t\t\t\t\t\t\t\t\t\t\t\t<\/span>\n\t\t\t\t\t\t\t\t\t\t\t\t<a class=\"elementor-toggle-title\" tabindex=\"0\">Wie hoch ist die typische Lebensdauer des OrthoApnea-Ger\u00e4ts?<\/a>\n\t\t\t\t\t<\/div>\n\n\t\t\t\t\t<div id=\"elementor-tab-content-12812\" class=\"elementor-tab-content elementor-clearfix\" data-tab=\"12\" role=\"region\" aria-labelledby=\"elementor-tab-title-12812\"><p>Die typische Lebensdauer des OrthoApnea-Ger\u00e4ts kann variieren, betr\u00e4gt aber im Allgemeinen mehrere Jahre, wenn es richtig gepflegt wird. Es ist jedoch wichtig, dass Sie sich regelm\u00e4\u00dfig von Ihrem Zahnarzt untersuchen lassen, um den Zustand des Ger\u00e4ts zu beurteilen und festzustellen, ob es ersetzt oder angepasst werden muss.<\/p>\n<\/div>\n\t\t\t\t<\/div>\n\t\t\t\t\t\t\t<div class=\"elementor-toggle-item\">\n\t\t\t\t\t<div id=\"elementor-tab-title-12813\" class=\"elementor-tab-title\" data-tab=\"13\" role=\"button\" aria-controls=\"elementor-tab-content-12813\" aria-expanded=\"false\">\n\t\t\t\t\t\t\t\t\t\t\t\t<span class=\"elementor-toggle-icon elementor-toggle-icon-left\" aria-hidden=\"true\">\n\t\t\t\t\t\t\t\t\t\t\t\t\t\t\t<span class=\"elementor-toggle-icon-closed\"><i class=\"fas fa-caret-right\"><\/i><\/span>\n\t\t\t\t\t\t\t\t<span class=\"elementor-toggle-icon-opened\"><i class=\"elementor-toggle-icon-opened fas fa-caret-up\"><\/i><\/span>\n\t\t\t\t\t\t\t\t\t\t\t\t\t<\/span>\n\t\t\t\t\t\t\t\t\t\t\t\t<a class=\"elementor-toggle-title\" tabindex=\"0\">Ist f\u00fcr die Verschreibung und Anpassung von OrthoApnea-Ger\u00e4ten eine spezielle Zertifizierung oder Ausbildung erforderlich?<\/a>\n\t\t\t\t\t<\/div>\n\n\t\t\t\t\t<div id=\"elementor-tab-content-12813\" class=\"elementor-tab-content elementor-clearfix\" data-tab=\"13\" role=\"region\" aria-labelledby=\"elementor-tab-title-12813\"><p>F\u00fcr die Verschreibung und Anpassung von OrthoApnea-Ger\u00e4ten kann eine Ausbildung in zahn\u00e4rztlicher Schlafmedizin erforderlich und empfehlenswert sein. Es ist wichtig, mit den technischen Merkmalen des Ger\u00e4ts vertraut zu sein und die Richtlinien und Empfehlungen des Herstellers zu befolgen, um eine korrekte Verschreibung und Anpassung zu gew\u00e4hrleisten.<\/p>\n<\/div>\n\t\t\t\t<\/div>\n\t\t\t\t\t\t\t<div class=\"elementor-toggle-item\">\n\t\t\t\t\t<div id=\"elementor-tab-title-12814\" class=\"elementor-tab-title\" data-tab=\"14\" role=\"button\" aria-controls=\"elementor-tab-content-12814\" aria-expanded=\"false\">\n\t\t\t\t\t\t\t\t\t\t\t\t<span class=\"elementor-toggle-icon elementor-toggle-icon-left\" aria-hidden=\"true\">\n\t\t\t\t\t\t\t\t\t\t\t\t\t\t\t<span class=\"elementor-toggle-icon-closed\"><i class=\"fas fa-caret-right\"><\/i><\/span>\n\t\t\t\t\t\t\t\t<span class=\"elementor-toggle-icon-opened\"><i class=\"elementor-toggle-icon-opened fas fa-caret-up\"><\/i><\/span>\n\t\t\t\t\t\t\t\t\t\t\t\t\t<\/span>\n\t\t\t\t\t\t\t\t\t\t\t\t<a class=\"elementor-toggle-title\" tabindex=\"0\">Wie sind die klinischen Ergebnisse und die langfristige Wirksamkeit der OrthoApnea-Ger\u00e4te?<\/a>\n\t\t\t\t\t<\/div>\n\n\t\t\t\t\t<div id=\"elementor-tab-content-12814\" class=\"elementor-tab-content elementor-clearfix\" data-tab=\"14\" role=\"region\" aria-labelledby=\"elementor-tab-title-12814\"><p>Die klinischen Ergebnisse und die langfristige Wirksamkeit der OrthoApnea-Ger\u00e4te haben sich bei der Behandlung von Schlafapnoe und damit verbundenen Atemst\u00f6rungen als positiv erwiesen. Klinische Studien haben gezeigt, dass der Apnoe-Hypopnoe-Index (AHI) deutlich sinkt und sich die Schlafqualit\u00e4t der Patienten, die diese Ger\u00e4te verwenden, verbessert. Es ist jedoch zu beachten, dass die Ergebnisse je nach Einzelfall und Schweregrad der Schlafapnoe variieren k\u00f6nnen. Um die langfristige Wirksamkeit zu gew\u00e4hrleisten, ist eine kontinuierliche Nachsorge mit dem Patienten und eine Anpassung der Behandlung erforderlich.<\/p>\n<\/div>\n\t\t\t\t<\/div>\n\t\t\t\t\t\t\t\t\t\t<script type=\"application\/ld+json\">{\"@context\":\"https:\\\/\\\/schema.org\",\"@type\":\"FAQPage\",\"mainEntity\":[{\"@type\":\"Question\",\"name\":\"Wie funktioniert das OrthoApnea-Ger\\u00e4t zur Behandlung von Schlafapnoe?\",\"acceptedAnswer\":{\"@type\":\"Answer\",\"text\":\"<p>Das OrthoApnea-Ger\\u00e4t bewegt den Kiefer nach vorne, was dazu beitr\\u00e4gt, die oberen Atemwege w\\u00e4hrend des Schlafs offen zu halten. Durch das Vorschieben des Kiefers wird verhindert, dass die Zunge und die Weichteile kollabieren, was den Luftstrom verbessert und Episoden der Atemwegsobstruktion reduziert.<\\\/p>\\n\"}},{\"@type\":\"Question\",\"name\":\"Was ist der Unterschied zwischen OrthoApnea und anderen auf dem Markt erh\\u00e4ltlichen Kieferorthop\\u00e4dieger\\u00e4ten?\",\"acceptedAnswer\":{\"@type\":\"Answer\",\"text\":\"<p>OrthoApnea zeichnet sich durch sein individuelles Design und seine pr\\u00e4zise Passform f\\u00fcr jeden Patienten aus. Es wird aus hochwertigen Materialien und mit fortschrittlicher Technologie hergestellt. Dar\\u00fcber hinaus erm\\u00f6glicht das Design eine laterale und vertikale \\u00d6ffnung des Mundes, was den Komfort f\\u00fcr den Patienten erh\\u00f6ht.<\\\/p>\\n\"}},{\"@type\":\"Question\",\"name\":\"Was sind die Vorteile des OrthoApnea-Ger\\u00e4ts im Vergleich zu anderen Behandlungsm\\u00f6glichkeiten f\\u00fcr Schlafapnoe?\",\"acceptedAnswer\":{\"@type\":\"Answer\",\"text\":\"<p>Zu den Vorteilen des OrthoApnea-Ger\\u00e4ts geh\\u00f6ren die Wirksamkeit bei der Behandlung von leichter bis mittelschwerer Schlafapnoe, der Komfort f\\u00fcr den Patienten w\\u00e4hrend des Schlafs, die individuelle Anpassung des Ger\\u00e4ts und die M\\u00f6glichkeit der Feinabstimmung auf individuelle Bed\\u00fcrfnisse.<\\\/p>\\n\"}},{\"@type\":\"Question\",\"name\":\"Welches sind die Kriterien f\\u00fcr die Auswahl geeigneter Patienten f\\u00fcr die Verwendung des OrthoApnea-Ger\\u00e4ts?\",\"acceptedAnswer\":{\"@type\":\"Answer\",\"text\":\"<p>Die Kriterien f\\u00fcr die Auswahl geeigneter Patienten f\\u00fcr die Verwendung des OrthoApnea-Ger\\u00e4ts k\\u00f6nnen je nach Einsch\\u00e4tzung des Zahnarztes und der medizinischen Diagnose variieren. Sie wird jedoch im Allgemeinen f\\u00fcr Patienten mit leichter bis mittelschwerer Schlafapnoe empfohlen, die keine schweren Kiefergelenksprobleme haben.<\\\/p>\\n\"}},{\"@type\":\"Question\",\"name\":\"Wie wird das OrthoApnea-Ger\\u00e4t f\\u00fcr einen bestimmten Patienten angepasst und individuell gestaltet?\",\"acceptedAnswer\":{\"@type\":\"Answer\",\"text\":\"<p>Der Prozess der Anpassung und individuellen Gestaltung der OrthoApnea-Vorrichtung beginnt mit einer Beurteilung und der Aufnahme von Abdr\\u00fccken des Mundes des Patienten. Diese Abdr\\u00fccke werden verwendet, um ein ma\\u00dfgeschneidertes Ger\\u00e4t herzustellen, das dem Mund des Patienten und seinen individuellen Bed\\u00fcrfnissen entspricht.<\\\/p>\\n\"}},{\"@type\":\"Question\",\"name\":\"Welche Nebenwirkungen k\\u00f6nnen bei Patienten auftreten, die das OrthoApnea-Ger\\u00e4t verwenden?\",\"acceptedAnswer\":{\"@type\":\"Answer\",\"text\":\"<p>Zu den h\\u00e4ufigen Nebenwirkungen, die bei der Verwendung des OrthoApnea-Ger\\u00e4ts auftreten k\\u00f6nnen, geh\\u00f6ren leichtes Unbehagen oder Schmerzen in den Kiefermuskeln und Z\\u00e4hnen, \\u00fcberm\\u00e4\\u00dfiger Speichelfluss und Zahnempfindlichkeit. Diese Nebenwirkungen sind in der Regel vor\\u00fcbergehend und verschwinden, sobald sich der Patient an das Ger\\u00e4t gew\\u00f6hnt hat.<\\\/p>\\n\"}},{\"@type\":\"Question\",\"name\":\"Wie lange dauert es, sich an das OrthoApnea-Ger\\u00e4t zu gew\\u00f6hnen?\",\"acceptedAnswer\":{\"@type\":\"Answer\",\"text\":\"<p>Die Gew\\u00f6hnungszeit an das OrthoApnea-Ger\\u00e4t kann von Patient zu Patient unterschiedlich sein. Manche Menschen passen sich innerhalb weniger Tage an, w\\u00e4hrend andere mehrere Wochen brauchen. Um den Anpassungsprozess zu erleichtern, ist es wichtig, die Anweisungen des Zahnarztes zu befolgen und das Ger\\u00e4t konsequent zu benutzen.<\\\/p>\\n\"}},{\"@type\":\"Question\",\"name\":\"Ist eine regelm\\u00e4\\u00dfige \\u00dcberwachung oder Anpassung erforderlich, nachdem der Patient mit der Verwendung des Ger\\u00e4ts begonnen hat?\",\"acceptedAnswer\":{\"@type\":\"Answer\",\"text\":\"<p>Ja, in der Regel ist eine regelm\\u00e4\\u00dfige \\u00dcberwachung und Anpassung erforderlich, nachdem der Patient mit der Verwendung des OrthoApnea-Ger\\u00e4ts begonnen hat. Auf diese Weise kann der Zahnarzt die Wirksamkeit der Behandlung beurteilen, eventuell auftretende Probleme oder Unannehmlichkeiten ansprechen und alle notwendigen Anpassungen vornehmen, um den Komfort und das Ergebnis f\\u00fcr den Patienten zu verbessern.<\\\/p>\\n\"}},{\"@type\":\"Question\",\"name\":\"Gibt es Kontraindikationen f\\u00fcr die Verwendung des OrthoApnea-Ger\\u00e4ts bei bestimmten Patienten?\",\"acceptedAnswer\":{\"@type\":\"Answer\",\"text\":\"<p>Ja, bei einigen Patienten kann es Kontraindikationen f\\u00fcr die Verwendung des OrthoApnea-Ger\\u00e4ts geben. Zu den h\\u00e4ufigen Kontraindikationen geh\\u00f6ren Patienten mit schweren Parodontalerkrankungen, unkontrollierten Kiefergelenksbeschwerden, fehlenden Z\\u00e4hnen oder erheblichen Zahnproblemen, die die Platzierung und den Halt des Ger\\u00e4ts beeintr\\u00e4chtigen k\\u00f6nnten. Jeder Fall muss individuell beurteilt werden.<\\\/p>\\n\"}},{\"@type\":\"Question\",\"name\":\"Kann das OrthoApnea-Ger\\u00e4t mit anderen Schlafapnoe-Behandlungen kombiniert werden?\",\"acceptedAnswer\":{\"@type\":\"Answer\",\"text\":\"<p>Ja, in einigen F\\u00e4llen kann das OrthoApnea-Ger\\u00e4t mit anderen Behandlungen der Schlafapnoe kombiniert werden, z. B. mit \\u00c4nderungen des Lebensstils, kontinuierlicher positiver Atemwegsdrucktherapie (CPAP) oder anderen erg\\u00e4nzenden Ger\\u00e4ten. In schwereren F\\u00e4llen oder wenn ein multidisziplin\\u00e4rer Ansatz erforderlich ist, k\\u00f6nnen Kombinationsbehandlungen empfohlen werden.<\\\/p>\\n\"}},{\"@type\":\"Question\",\"name\":\"Wie wird das OrthoApnea-Ger\\u00e4t gereinigt und gewartet?\",\"acceptedAnswer\":{\"@type\":\"Answer\",\"text\":\"<p>Das OrthoApnea-Ger\\u00e4t kann mit einer weichen Zahnb\\u00fcrste und nicht scheuernder Zahnpasta gereinigt werden. Es wird auch empfohlen, sie nach jedem Gebrauch mit Wasser abzusp\\u00fclen und sie nach dem Gebrauch abzutrocknen. Es ist wichtig, dass Sie die Anweisungen des Herstellers und des Zahnarztes zur ordnungsgem\\u00e4\\u00dfen Reinigung und Wartung des Ger\\u00e4ts befolgen.<\\\/p>\\n\"}},{\"@type\":\"Question\",\"name\":\"Wie hoch ist die typische Lebensdauer des OrthoApnea-Ger\\u00e4ts?\",\"acceptedAnswer\":{\"@type\":\"Answer\",\"text\":\"<p>Die typische Lebensdauer des OrthoApnea-Ger\\u00e4ts kann variieren, betr\\u00e4gt aber im Allgemeinen mehrere Jahre, wenn es richtig gepflegt wird. Es ist jedoch wichtig, dass Sie sich regelm\\u00e4\\u00dfig von Ihrem Zahnarzt untersuchen lassen, um den Zustand des Ger\\u00e4ts zu beurteilen und festzustellen, ob es ersetzt oder angepasst werden muss.<\\\/p>\\n\"}},{\"@type\":\"Question\",\"name\":\"Ist f\\u00fcr die Verschreibung und Anpassung von OrthoApnea-Ger\\u00e4ten eine spezielle Zertifizierung oder Ausbildung erforderlich?\",\"acceptedAnswer\":{\"@type\":\"Answer\",\"text\":\"<p>F\\u00fcr die Verschreibung und Anpassung von OrthoApnea-Ger\\u00e4ten kann eine Ausbildung in zahn\\u00e4rztlicher Schlafmedizin erforderlich und empfehlenswert sein. Es ist wichtig, mit den technischen Merkmalen des Ger\\u00e4ts vertraut zu sein und die Richtlinien und Empfehlungen des Herstellers zu befolgen, um eine korrekte Verschreibung und Anpassung zu gew\\u00e4hrleisten.<\\\/p>\\n\"}},{\"@type\":\"Question\",\"name\":\"Wie sind die klinischen Ergebnisse und die langfristige Wirksamkeit der OrthoApnea-Ger\\u00e4te?\",\"acceptedAnswer\":{\"@type\":\"Answer\",\"text\":\"<p>Die klinischen Ergebnisse und die langfristige Wirksamkeit der OrthoApnea-Ger\\u00e4te haben sich bei der Behandlung von Schlafapnoe und damit verbundenen Atemst\\u00f6rungen als positiv erwiesen. Klinische Studien haben gezeigt, dass der Apnoe-Hypopnoe-Index (AHI) deutlich sinkt und sich die Schlafqualit\\u00e4t der Patienten, die diese Ger\\u00e4te verwenden, verbessert. Es ist jedoch zu beachten, dass die Ergebnisse je nach Einzelfall und Schweregrad der Schlafapnoe variieren k\\u00f6nnen. Um die langfristige Wirksamkeit zu gew\\u00e4hrleisten, ist eine kontinuierliche Nachsorge mit dem Patienten und eine Anpassung der Behandlung erforderlich.<\\\/p>\\n\"}}]}<\/script>\n\t\t\t\t\t<\/div>\n\t\t\t\t\t\t<\/div>\n\t\t\t\t<\/div>\n\t\t\t\t\t<\/div>\n\t\t<\/div>\n\t\t\t\t\t<\/div>\n\t\t<\/section>\n\t\t\t\t<section class=\"elementor-section elementor-top-section elementor-element elementor-element-d4970c9 elementor-section-boxed elementor-section-height-default elementor-section-height-default\" data-id=\"d4970c9\" data-element_type=\"section\" data-e-type=\"section\">\n\t\t\t\t\t\t<div class=\"elementor-container elementor-column-gap-default\">\n\t\t\t\t\t<div class=\"elementor-column elementor-col-100 elementor-top-column elementor-element elementor-element-89a9bad\" data-id=\"89a9bad\" data-element_type=\"column\" data-e-type=\"column\">\n\t\t\t<div class=\"elementor-widget-wrap elementor-element-populated\">\n\t\t\t\t\t\t<div class=\"elementor-element elementor-element-1824388 elementor-widget-divider--view-line elementor-widget elementor-widget-divider\" data-id=\"1824388\" data-element_type=\"widget\" data-e-type=\"widget\" data-widget_type=\"divider.default\">\n\t\t\t\t<div class=\"elementor-widget-container\">\n\t\t\t\t\t\t\t<div class=\"elementor-divider\">\n\t\t\t<span class=\"elementor-divider-separator\">\n\t\t\t\t\t\t<\/span>\n\t\t<\/div>\n\t\t\t\t\t\t<\/div>\n\t\t\t\t<\/div>\n\t\t\t\t\t<\/div>\n\t\t<\/div>\n\t\t\t\t\t<\/div>\n\t\t<\/section>\n\t\t\t\t<section class=\"elementor-section elementor-top-section elementor-element elementor-element-cd7923f elementor-section-height-min-height elementor-section-boxed elementor-section-height-default elementor-section-items-middle\" data-id=\"cd7923f\" data-element_type=\"section\" data-e-type=\"section\" data-settings=\"{&quot;background_background&quot;:&quot;classic&quot;}\">\n\t\t\t\t\t\t\t<div class=\"elementor-background-overlay\"><\/div>\n\t\t\t\t\t\t\t<div class=\"elementor-container elementor-column-gap-default\">\n\t\t\t\t\t<div class=\"elementor-column elementor-col-66 elementor-top-column elementor-element elementor-element-69ba2af\" data-id=\"69ba2af\" data-element_type=\"column\" data-e-type=\"column\">\n\t\t\t<div class=\"elementor-widget-wrap elementor-element-populated\">\n\t\t\t\t\t\t<div class=\"elementor-element elementor-element-4bc24bd elementor-widget elementor-widget-heading\" data-id=\"4bc24bd\" data-element_type=\"widget\" data-e-type=\"widget\" data-settings=\"{&quot;_animation&quot;:&quot;none&quot;,&quot;_animation_mobile&quot;:&quot;none&quot;}\" data-widget_type=\"heading.default\">\n\t\t\t\t<div class=\"elementor-widget-container\">\n\t\t\t\t\t<h2 class=\"elementor-heading-title elementor-size-default\">Verbessern Sie Ihre Lebensqualit\u00e4t und entdecken Sie die ultimative L\u00f6sung zur Behandlung von obstruktiver Schlafapnoe und Schnarchen!  <\/h2>\t\t\t\t<\/div>\n\t\t\t\t<\/div>\n\t\t\t\t<div class=\"elementor-element elementor-element-ee46638 elementor-widget__width-auto animated-slow elementor-widget elementor-widget-button\" data-id=\"ee46638\" data-element_type=\"widget\" data-e-type=\"widget\" data-settings=\"{&quot;_animation&quot;:&quot;none&quot;,&quot;_animation_delay&quot;:0}\" data-widget_type=\"button.default\">\n\t\t\t\t<div class=\"elementor-widget-container\">\n\t\t\t\t\t\t\t\t\t<div class=\"elementor-button-wrapper\">\n\t\t\t\t\t<a class=\"elementor-button elementor-button-link elementor-size-sm\" href=\"https:\/\/www.orthoapnea.com\/de\/?page_id=4083\">\n\t\t\t\t\t\t<span class=\"elementor-button-content-wrapper\">\n\t\t\t\t\t\t\t\t\t<span class=\"elementor-button-text\">Kontaktieren Sie uns unter<\/span>\n\t\t\t\t\t<\/span>\n\t\t\t\t\t<\/a>\n\t\t\t\t<\/div>\n\t\t\t\t\t\t\t\t<\/div>\n\t\t\t\t<\/div>\n\t\t\t\t\t<\/div>\n\t\t<\/div>\n\t\t\t\t<div class=\"elementor-column elementor-col-33 elementor-top-column elementor-element elementor-element-4a45858\" data-id=\"4a45858\" data-element_type=\"column\" data-e-type=\"column\">\n\t\t\t<div class=\"elementor-widget-wrap\">\n\t\t\t\t\t\t\t<\/div>\n\t\t<\/div>\n\t\t\t\t\t<\/div>\n\t\t<\/section>\n\t\t\t\t<\/div>\n\t\t","protected":false},"excerpt":{"rendered":"<p>H\u00e4ufig gestellte Fragen Doktor Wie funktioniert das OrthoApnea-Ger\u00e4t zur Behandlung von Schlafapnoe? Das OrthoApnea-Ger\u00e4t bewegt den Kiefer nach vorne, was dazu beitr\u00e4gt, die oberen Atemwege w\u00e4hrend des Schlafs offen zu halten. Durch das Vorschieben des Kiefers wird verhindert, dass die Zunge und die Weichteile kollabieren, was den Luftstrom verbessert und Episoden der Atemwegsobstruktion reduziert. Was [&hellip;]<\/p>\n","protected":false},"author":1,"featured_media":3611,"parent":0,"menu_order":0,"comment_status":"closed","ping_status":"closed","template":"elementor_header_footer","meta":{"footnotes":""},"class_list":["post-4094","page","type-page","status-publish","has-post-thumbnail","hentry"],"_links":{"self":[{"href":"https:\/\/www.orthoapnea.com\/de\/wp-json\/wp\/v2\/pages\/4094","targetHints":{"allow":["GET"]}}],"collection":[{"href":"https:\/\/www.orthoapnea.com\/de\/wp-json\/wp\/v2\/pages"}],"about":[{"href":"https:\/\/www.orthoapnea.com\/de\/wp-json\/wp\/v2\/types\/page"}],"author":[{"embeddable":true,"href":"https:\/\/www.orthoapnea.com\/de\/wp-json\/wp\/v2\/users\/1"}],"replies":[{"embeddable":true,"href":"https:\/\/www.orthoapnea.com\/de\/wp-json\/wp\/v2\/comments?post=4094"}],"version-history":[{"count":3,"href":"https:\/\/www.orthoapnea.com\/de\/wp-json\/wp\/v2\/pages\/4094\/revisions"}],"predecessor-version":[{"id":4129,"href":"https:\/\/www.orthoapnea.com\/de\/wp-json\/wp\/v2\/pages\/4094\/revisions\/4129"}],"wp:featuredmedia":[{"embeddable":true,"href":"https:\/\/www.orthoapnea.com\/de\/wp-json\/wp\/v2\/media\/3611"}],"wp:attachment":[{"href":"https:\/\/www.orthoapnea.com\/de\/wp-json\/wp\/v2\/media?parent=4094"}],"curies":[{"name":"wp","href":"https:\/\/api.w.org\/{rel}","templated":true}]}}